{"id":2403,"date":"2026-04-09T11:13:14","date_gmt":"2026-04-09T09:13:14","guid":{"rendered":"https:\/\/thelineavocats.fr\/?page_id=2403"},"modified":"2026-04-17T14:07:05","modified_gmt":"2026-04-17T12:07:05","slug":"assistance-juridique-france","status":"publish","type":"page","link":"https:\/\/thelineavocats.fr\/en\/droit-des-societes\/assistance-juridique-france\/","title":{"rendered":"Assistance juridique dans le cadre de la cr\u00e9ation d\u2019une activit\u00e9 en France : transfert de si\u00e8ge social, cr\u00e9ation de filiales et \u00e9tablissements secondaires"},"content":{"rendered":"<div data-elementor-type=\"wp-page\" data-elementor-id=\"2403\" class=\"elementor elementor-2403\" data-elementor-post-type=\"page\">\n\t\t\t\t<div class=\"elementor-element elementor-element-3c9d1fa sectionHeader e-flex e-con-boxed e-con e-parent\" data-id=\"3c9d1fa\" data-element_type=\"container\" data-settings=\"{&quot;background_background&quot;:&quot;classic&quot;}\">\n\t\t\t\t\t<div class=\"e-con-inner\">\n\t\t<div class=\"elementor-element elementor-element-5fb8b9d5 e-con-full e-flex e-con e-child\" data-id=\"5fb8b9d5\" data-element_type=\"container\" data-settings=\"{&quot;background_background&quot;:&quot;classic&quot;}\">\n\t\t<div class=\"elementor-element elementor-element-1ae99d8e e-con-full e-flex elementor-invisible e-con e-child\" data-id=\"1ae99d8e\" data-element_type=\"container\" data-settings=\"{&quot;animation&quot;:&quot;fadeInLeft&quot;}\">\n\t\t<div class=\"elementor-element elementor-element-e43bbc e-con-full elementor-hidden-mobile e-flex e-con e-child\" data-id=\"e43bbc\" data-element_type=\"container\" data-settings=\"{&quot;background_background&quot;:&quot;classic&quot;}\">\n\t\t\t\t<\/div>\n\t\t\t\t<div class=\"elementor-element elementor-element-7f5c2885 elementor-widget__width-initial elementor-widget elementor-widget-heading\" data-id=\"7f5c2885\" data-element_type=\"widget\" data-widget_type=\"heading.default\">\n\t\t\t\t\t<h1 class=\"elementor-heading-title elementor-size-default\">Assistance juridique dans le cadre de la cr\u00e9ation d\u2019une activit\u00e9 en France : transfert de si\u00e8ge social, cr\u00e9ation de filiales et \u00e9tablissements secondaires<\/h1>\t\t\t\t<\/div>\n\t\t<div class=\"elementor-element elementor-element-e99fe43 e-con-full e-flex e-con e-child\" data-id=\"e99fe43\" data-element_type=\"container\" data-settings=\"{&quot;background_background&quot;:&quot;classic&quot;}\">\n\t\t\t\t<\/div>\n\t\t\t\t<\/div>\n\t\t\t\t<div class=\"elementor-element elementor-element-7d39e317 elementor-widget__width-initial elementor-widget elementor-widget-heading\" data-id=\"7d39e317\" data-element_type=\"widget\" data-widget_type=\"heading.default\">\n\t\t\t\t\t<h2 class=\"elementor-heading-title elementor-size-default\">Notre cabinet assiste les soci\u00e9t\u00e9s fran\u00e7aises et \u00e9trang\u00e8res dans la structuration et le d\u00e9ploiement de leurs activit\u00e9s sur le territoire fran\u00e7ais.\n\nLa cr\u00e9ation d\u2019une pr\u00e9sence juridique sur le territoire fran\u00e7ais peut prendre diff\u00e9rentes formes selon les objectifs strat\u00e9giques, op\u00e9rationnels et fiscaux du groupe : transfert de si\u00e8ge social (transformation transfrontali\u00e8re), constitution d\u2019une filiale ou ouverture d\u2019un \u00e9tablissement secondaire.<\/h2>\t\t\t\t<\/div>\n\t\t\t\t<div class=\"elementor-element elementor-element-cf7bf0d elementor-widget__width-initial elementor-widget elementor-widget-heading\" data-id=\"cf7bf0d\" data-element_type=\"widget\" data-widget_type=\"heading.default\">\n\t\t\t\t\t<h2 class=\"elementor-heading-title elementor-size-default\">Notre intervention vise \u00e0 s\u00e9curiser les op\u00e9rations juridiques n\u00e9cessaires \u00e0 l\u2019implantation ou \u00e0 la r\u00e9organisation des structures en France, tout en assurant la conformit\u00e9 aux r\u00e8gles du droit des soci\u00e9t\u00e9s et aux obligations r\u00e9glementaires applicables.<\/h2>\t\t\t\t<\/div>\n\t\t\t\t<div class=\"elementor-element elementor-element-efe7d6e font-fr elementor-align-center elementor-widget elementor-widget-button\" data-id=\"efe7d6e\" data-element_type=\"widget\" data-widget_type=\"button.default\">\n\t\t\t\t\t\t\t\t\t\t<a class=\"elementor-button elementor-button-link elementor-size-sm\" href=\"https:\/\/calendly.com\/d\/crvr-jmj-2wq\" target=\"_blank\" rel=\"noopener\">\n\t\t\t\t\t\t<span class=\"elementor-button-content-wrapper\">\n\t\t\t\t\t\t\t\t\t<span class=\"elementor-button-text\">Contact us<\/span>\n\t\t\t\t\t<\/span>\n\t\t\t\t\t<\/a>\n\t\t\t\t\t\t\t\t<\/div>\n\t\t\t\t<\/div>\n\t\t\t\t\t<\/div>\n\t\t\t\t<\/div>\n\t\t<div class=\"elementor-element elementor-element-6588765a e-con-full sectionProbSoluce e-flex e-con e-parent\" data-id=\"6588765a\" data-element_type=\"container\">\n\t\t<div class=\"elementor-element elementor-element-410f975 e-con-full e-flex e-con e-child\" data-id=\"410f975\" data-element_type=\"container\" data-settings=\"{&quot;background_background&quot;:&quot;classic&quot;}\">\n\t\t<div class=\"elementor-element elementor-element-b6b42fa e-flex e-con-boxed e-con e-child\" data-id=\"b6b42fa\" data-element_type=\"container\">\n\t\t\t\t\t<div class=\"e-con-inner\">\n\t\t<div class=\"elementor-element elementor-element-583611ad e-con-full e-flex elementor-invisible e-con e-child\" data-id=\"583611ad\" data-element_type=\"container\" data-settings=\"{&quot;animation&quot;:&quot;fadeInLeft&quot;}\">\n\t\t\t\t<div class=\"elementor-element elementor-element-5ccd3bd7 font-franklin  elementor-widget__width-initial elementor-widget elementor-widget-heading\" data-id=\"5ccd3bd7\" data-element_type=\"widget\" data-widget_type=\"heading.default\">\n\t\t\t\t\t<h2 class=\"elementor-heading-title elementor-size-default\"><span>nos domaines d'intervention<\/span> \n<\/h2>\t\t\t\t<\/div>\n\t\t<div class=\"elementor-element elementor-element-6ff16e9f e-con-full e-flex e-con e-child\" data-id=\"6ff16e9f\" data-element_type=\"container\" data-settings=\"{&quot;background_background&quot;:&quot;classic&quot;}\">\n\t\t<div class=\"elementor-element elementor-element-1c74764 e-con-full e-flex e-con e-child\" data-id=\"1c74764\" data-element_type=\"container\">\n\t\t\t\t<\/div>\n\t\t\t\t<\/div>\n\t\t\t\t<\/div>\n\t\t\t\t<div class=\"elementor-element elementor-element-1b5e218 elementor-widget elementor-widget-text-editor\" data-id=\"1b5e218\" data-element_type=\"widget\" data-widget_type=\"text-editor.default\">\n\t\t\t\t\t\t\t\t\t<h3><b>1- Analyse pr\u00e9alable et choix de la structure d\u2019implantation<\/b><\/h3><p><span style=\"font-weight: 400;\">Avant toute cr\u00e9ation ou transfert d\u2019activit\u00e9, notre cabinet accompagne ses clients dans l\u2019analyse de la structure juridique la plus adapt\u00e9e \u00e0 leur projet.<\/span><\/p><p><span style=\"font-weight: 400;\">Cette phase comprend notamment :<\/span><\/p><ul><li style=\"font-weight: 400;\" aria-level=\"1\"><span style=\"font-weight: 400;\">Analyse des objectifs strat\u00e9giques et op\u00e9rationnels du groupe\u00a0;<\/span><\/li><li style=\"font-weight: 400;\" aria-level=\"1\"><span style=\"font-weight: 400;\">\u00c9tude des modalit\u00e9s d\u2019implantation en France (filiale, succursale, \u00e9tablissement secondaire)\u00a0;<\/span><\/li><li style=\"font-weight: 400;\" aria-level=\"1\"><span style=\"font-weight: 400;\">Analyse des implications juridiques, fiscales et op\u00e9rationnelles de chaque structure\u00a0;<\/span><\/li><li style=\"font-weight: 400;\" aria-level=\"1\"><span style=\"font-weight: 400;\">V\u00e9rification des contraintes r\u00e9glementaires applicables \u00e0 l\u2019activit\u00e9 envisag\u00e9e, \u00e0 l\u2019\u00c9tat-membre de d\u00e9part et l\u2019\u00c9tat-membre de destination.<\/span><\/li><\/ul><p>\u00a0<\/p><p><span style=\"font-weight: 400;\">Cette approche permet d\u2019orienter le client vers la structure la plus adapt\u00e9e \u00e0 son organisation et \u00e0 ses perspectives de d\u00e9veloppement.<\/span><\/p><h3><b>2- Transfert de si\u00e8ge social en France (transformation transfrontali\u00e8re)<\/b><\/h3><p><span style=\"font-weight: 400;\">Notre cabinet assiste les soci\u00e9t\u00e9s souhaitant transf\u00e9rer leur si\u00e8ge social en France (transformation transfrontali\u00e8re), dans le respect des dispositions applicables dans chaque juridiction concern\u00e9e. \u00c0 ce titre, nous intervenons en coordination avec des conseils locaux et, le cas \u00e9ch\u00e9ant, avec des interpr\u00e8tes afin de s\u00e9curiser les aspects juridiques, linguistiques et op\u00e9rationnels de l\u2019op\u00e9ration.<\/span><\/p><p><span style=\"font-weight: 400;\">L\u2019accompagnement porte notamment sur :<\/span><\/p><ul><li style=\"font-weight: 400;\" aria-level=\"1\"><span style=\"font-weight: 400;\">Analyse de la r\u00e9glementation en vigueur au sein de l\u2019\u00c9tat-membre de d\u00e9part et l\u2019\u00c9tat-membre de destination\u00a0;<\/span><\/li><li style=\"font-weight: 400;\" aria-level=\"1\"><span style=\"font-weight: 400;\">Pr\u00e9paration de la documentation juridique n\u00e9cessaire \u00e0 la transformation transfrontali\u00e8re\u00a0;<\/span><\/li><li style=\"font-weight: 400;\" aria-level=\"1\"><span style=\"font-weight: 400;\">Coordination des formalit\u00e9s juridiques et administratives\u00a0au sein de l\u2019\u00c9tat-membre de d\u00e9part et l\u2019\u00c9tat-membre de destination\u00a0;<\/span><\/li><li style=\"font-weight: 400;\" aria-level=\"1\"><span style=\"font-weight: 400;\">Accompagnement dans les proc\u00e9dures d\u2019enregistrement et d\u2019immatriculation en France.<\/span><\/li><\/ul><p>\u00a0<\/p><p><span style=\"font-weight: 400;\">Cette intervention permet de s\u00e9curiser juridiquement le transfert et d\u2019assurer la continuit\u00e9 des activit\u00e9s de la soci\u00e9t\u00e9.<\/span><\/p><h3><b>3- Cr\u00e9ation de filiales<\/b><\/h3><p><span style=\"font-weight: 400;\">La constitution d\u2019une filiale constitue une modalit\u00e9 fr\u00e9quemment utilis\u00e9e pour structurer une activit\u00e9 en France.<\/span><\/p><p><span style=\"font-weight: 400;\">Notre cabinet accompagne ses clients dans l\u2019ensemble des \u00e9tapes de cr\u00e9ation :<\/span><\/p><ul><li style=\"font-weight: 400;\" aria-level=\"1\"><span style=\"font-weight: 400;\">Choix de la forme sociale adapt\u00e9e \u00e0 l\u2019activit\u00e9 envisag\u00e9e et aux objectifs poursuivis\u00a0;<\/span><\/li><li style=\"font-weight: 400;\" aria-level=\"1\"><span style=\"font-weight: 400;\">R\u00e9daction des statuts et organisation de la gouvernance de la soci\u00e9t\u00e9\u00a0;<\/span><\/li><li style=\"font-weight: 400;\" aria-level=\"1\"><span style=\"font-weight: 400;\">Mise en place des r\u00e8gles de fonctionnement et de prise de d\u00e9cision\u00a0;<\/span><\/li><li style=\"font-weight: 400;\" aria-level=\"1\"><span style=\"font-weight: 400;\">R\u00e9alisation des formalit\u00e9s de constitution et d\u2019immatriculation.<\/span><\/li><\/ul><p>\u00a0<\/p><p><span style=\"font-weight: 400;\">Cette assistance permet d\u2019assurer une structuration juridique coh\u00e9rente avec l\u2019organisation du groupe.<\/span><\/p><h3><b>4- Cr\u00e9ation d\u2019\u00e9tablissements secondaires ou succursales<\/b><\/h3><p><span style=\"font-weight: 400;\">Dans certains cas, l\u2019ouverture d\u2019un \u00e9tablissement secondaire ou d\u2019une succursale peut constituer une solution adapt\u00e9e pour d\u00e9velopper une activit\u00e9 en France.<\/span><\/p><p><span style=\"font-weight: 400;\">Notre cabinet intervient notamment pour :<\/span><\/p><ul><li style=\"font-weight: 400;\" aria-level=\"1\"><span style=\"font-weight: 400;\">D\u00e9terminer la structure la plus appropri\u00e9e entre succursale, \u00e9tablissement secondaire ou filiale\u00a0;<\/span><\/li><li style=\"font-weight: 400;\" aria-level=\"1\"><span style=\"font-weight: 400;\">Pr\u00e9parer la documentation juridique n\u00e9cessaire \u00e0 l\u2019ouverture de l\u2019\u00e9tablissement\u00a0;<\/span><\/li><li style=\"font-weight: 400;\" aria-level=\"1\"><span style=\"font-weight: 400;\">R\u00e9aliser les formalit\u00e9s d\u2019immatriculation aupr\u00e8s des autorit\u00e9s comp\u00e9tentes\u00a0;<\/span><\/li><li style=\"font-weight: 400;\" aria-level=\"1\"><span style=\"font-weight: 400;\">Assister le client dans l\u2019organisation des relations entre la soci\u00e9t\u00e9 m\u00e8re et la structure locale.<\/span><\/li><\/ul>\t\t\t\t\t\t\t\t<\/div>\n\t\t\t\t<div class=\"elementor-element elementor-element-490f3e1 elementor-widget elementor-widget-spacer\" data-id=\"490f3e1\" data-element_type=\"widget\" data-widget_type=\"spacer.default\">\n\t\t\t\t\t\t\t<div class=\"elementor-spacer\">\n\t\t\t<div class=\"elementor-spacer-inner\"><\/div>\n\t\t<\/div>\n\t\t\t\t\t\t<\/div>\n\t\t\t\t\t<\/div>\n\t\t\t\t<\/div>\n\t\t\t\t<\/div>\n\t\t\t\t<\/div>\n\t\t<div class=\"elementor-element elementor-element-28024a6 e-flex e-con-boxed e-con e-parent\" data-id=\"28024a6\" data-element_type=\"container\" data-settings=\"{&quot;background_background&quot;:&quot;classic&quot;}\">\n\t\t\t\t\t<div class=\"e-con-inner\">\n\t\t\t\t<div class=\"elementor-element elementor-element-6be5975 elementor-widget-divider--view-line elementor-widget elementor-widget-divider\" data-id=\"6be5975\" data-element_type=\"widget\" data-widget_type=\"divider.default\">\n\t\t\t\t\t\t\t<div class=\"elementor-divider\">\n\t\t\t<span class=\"elementor-divider-separator\">\n\t\t\t\t\t\t<\/span>\n\t\t<\/div>\n\t\t\t\t\t\t<\/div>\n\t\t<div class=\"elementor-element elementor-element-a786db9 e-con-full e-flex elementor-invisible e-con e-child\" data-id=\"a786db9\" data-element_type=\"container\" data-settings=\"{&quot;animation&quot;:&quot;fadeInLeft&quot;}\">\n\t\t\t\t<div class=\"elementor-element elementor-element-c369e30 font-franklin  elementor-widget__width-initial elementor-widget elementor-widget-heading\" data-id=\"c369e30\" data-element_type=\"widget\" data-widget_type=\"heading.default\">\n\t\t\t\t\t<h2 class=\"elementor-heading-title elementor-size-default\"><span>Notre approche<\/span> \n<\/h2>\t\t\t\t<\/div>\n\t\t<div class=\"elementor-element elementor-element-aa401cd e-con-full e-flex e-con e-child\" data-id=\"aa401cd\" data-element_type=\"container\" data-settings=\"{&quot;background_background&quot;:&quot;classic&quot;}\">\n\t\t\t\t<\/div>\n\t\t\t\t<\/div>\n\t\t\t\t<div class=\"elementor-element elementor-element-e7569a5 elementor-widget-divider--view-line elementor-widget elementor-widget-divider\" data-id=\"e7569a5\" data-element_type=\"widget\" data-widget_type=\"divider.default\">\n\t\t\t\t\t\t\t<div class=\"elementor-divider\">\n\t\t\t<span class=\"elementor-divider-separator\">\n\t\t\t\t\t\t<\/span>\n\t\t<\/div>\n\t\t\t\t\t\t<\/div>\n\t\t\t\t<div class=\"elementor-element elementor-element-8f76d66 elementor-widget elementor-widget-image\" data-id=\"8f76d66\" data-element_type=\"widget\" data-widget_type=\"image.default\">\n\t\t\t\t\t\t\t\t\t\t\t\t\t\t\t<img decoding=\"async\" width=\"556\" height=\"2\" src=\"https:\/\/thelineavocats.fr\/wp-content\/uploads\/2025\/02\/cavinet-line.png\" class=\"attachment-large size-large wp-image-134\" alt=\"LIne\" srcset=\"https:\/\/thelineavocats.fr\/wp-content\/uploads\/2025\/02\/cavinet-line.png 556w, https:\/\/thelineavocats.fr\/wp-content\/uploads\/2025\/02\/cavinet-line-300x1.png 300w, https:\/\/thelineavocats.fr\/wp-content\/uploads\/2025\/02\/cavinet-line-150x2.png 150w, https:\/\/thelineavocats.fr\/wp-content\/uploads\/2025\/02\/cavinet-line-18x1.png 18w\" sizes=\"(max-width: 556px) 100vw, 556px\" \/>\t\t\t\t\t\t\t\t\t\t\t\t\t\t\t<\/div>\n\t\t\t\t<div class=\"elementor-element elementor-element-5ec59da5 font-avenir elementor-widget elementor-widget-text-editor\" data-id=\"5ec59da5\" data-element_type=\"widget\" data-widget_type=\"text-editor.default\">\n\t\t\t\t\t\t\t\t\t<p><span style=\"font-weight: 400;\">Notre cabinet accompagne ses clients pour s\u00e9curiser juridiquement la cr\u00e9ation et la structuration de leurs activit\u00e9s en France.<\/span><\/p><p><span style=\"font-weight: 400;\">Notre intervention vise notamment \u00e0 :<\/span><\/p><ul><li style=\"font-weight: 400;\" aria-level=\"1\"><b>Structurer l\u2019implantation<\/b><span style=\"font-weight: 400;\"> des soci\u00e9t\u00e9s \u00e9trang\u00e8res ou des groupes en d\u00e9veloppement\u00a0;<\/span><\/li><li style=\"font-weight: 400;\" aria-level=\"1\"><b>Assurer la conformit\u00e9<\/b><span style=\"font-weight: 400;\"> \u00e0 la r\u00e9glementation en vigueur au sein de l\u2019\u00c9tat-membre de d\u00e9part et l\u2019\u00c9tat-membre de destination\u00a0;\u00a0<\/span><\/li><li style=\"font-weight: 400;\" aria-level=\"1\"><b>Anticiper les probl\u00e9matiques<\/b><span style=\"font-weight: 400;\"> li\u00e9es \u00e0 la gouvernance et \u00e0 la structuration du groupe\u00a0;<\/span><\/li><li style=\"font-weight: 400;\" aria-level=\"1\"><b>Assister<\/b><span style=\"font-weight: 400;\"> les clients dans les formalit\u00e9s juridiques n\u00e9cessaires \u00e0 la mise en place de leurs activit\u00e9s.<\/span><\/li><\/ul><p>\u00a0<\/p><p><span style=\"font-weight: 400;\">Cet accompagnement permet de s\u00e9curiser juridiquement les op\u00e9rations d\u2019implantation et d\u2019assurer une structuration adapt\u00e9e aux enjeux de d\u00e9veloppement des soci\u00e9t\u00e9s, en coordination avec les conseils locaux et les diff\u00e9rents intervenants concern\u00e9s lorsque l\u2019op\u00e9ration pr\u00e9sente une dimension internationale.<\/span><\/p>\t\t\t\t\t\t\t\t<\/div>\n\t\t\t\t<div class=\"elementor-element elementor-element-fb502df elementor-widget-divider--view-line elementor-widget elementor-widget-divider\" data-id=\"fb502df\" data-element_type=\"widget\" data-widget_type=\"divider.default\">\n\t\t\t\t\t\t\t<div class=\"elementor-divider\">\n\t\t\t<span class=\"elementor-divider-separator\">\n\t\t\t\t\t\t<\/span>\n\t\t<\/div>\n\t\t\t\t\t\t<\/div>\n\t\t\t\t\t<\/div>\n\t\t\t\t<\/div>\n\t\t<div class=\"elementor-element elementor-element-7c55e60d e-con-full sectionNosServices e-flex e-con e-parent\" data-id=\"7c55e60d\" data-element_type=\"container\" data-settings=\"{&quot;background_background&quot;:&quot;classic&quot;}\">\n\t\t<div class=\"elementor-element elementor-element-d75784b e-con-full e-flex e-con e-child\" data-id=\"d75784b\" data-element_type=\"container\">\n\t\t<div class=\"elementor-element elementor-element-3a206169 e-con-full e-flex e-con e-child\" data-id=\"3a206169\" data-element_type=\"container\" data-settings=\"{&quot;background_background&quot;:&quot;classic&quot;}\">\n\t\t<div class=\"elementor-element elementor-element-4e9b104 e-con-full e-flex e-con e-child\" data-id=\"4e9b104\" data-element_type=\"container\">\n\t\t<div class=\"elementor-element elementor-element-50637fdf e-con-full e-flex elementor-invisible e-con e-child\" data-id=\"50637fdf\" data-element_type=\"container\" data-settings=\"{&quot;animation&quot;:&quot;fadeInLeft&quot;}\">\n\t\t<div class=\"elementor-element elementor-element-360203f e-con-full e-flex elementor-invisible e-con e-child\" data-id=\"360203f\" data-element_type=\"container\" data-settings=\"{&quot;animation&quot;:&quot;fadeInLeft&quot;}\">\n\t\t\t\t<div class=\"elementor-element elementor-element-2e968c18 font-franklin  elementor-widget__width-auto elementor-widget elementor-widget-heading\" data-id=\"2e968c18\" data-element_type=\"widget\" data-widget_type=\"heading.default\">\n\t\t\t\t\t<h2 class=\"elementor-heading-title elementor-size-default\">Nos autres services<br>en droit des soci\u00e9t\u00e9s<\/h2>\t\t\t\t<\/div>\n\t\t<div class=\"elementor-element elementor-element-541d8eee e-con-full e-flex e-con e-child\" data-id=\"541d8eee\" data-element_type=\"container\" data-settings=\"{&quot;background_background&quot;:&quot;classic&quot;}\">\n\t\t\t\t<\/div>\n\t\t\t\t<\/div>\n\t\t\t\t<\/div>\n\t\t<div class=\"elementor-element elementor-element-3a3733a4 e-con-full e-flex e-con e-child\" data-id=\"3a3733a4\" data-element_type=\"container\">\n\t\t<div class=\"elementor-element elementor-element-6c2818a3 e-con-full e-flex e-con e-child\" data-id=\"6c2818a3\" data-element_type=\"container\">\n\t\t\t\t<\/div>\n\t\t<div class=\"elementor-element elementor-element-2f6fa6b8 e-con-full e-flex e-con e-child\" data-id=\"2f6fa6b8\" data-element_type=\"container\">\n\t\t\t\t<div class=\"elementor-element elementor-element-7474664e e-transform elementor-widget elementor-widget-heading\" data-id=\"7474664e\" data-element_type=\"widget\" data-settings=\"{&quot;_transform_scale_effect_hover&quot;:{&quot;unit&quot;:&quot;px&quot;,&quot;size&quot;:1.1,&quot;sizes&quot;:[]},&quot;_transform_scale_effect_hover_tablet&quot;:{&quot;unit&quot;:&quot;px&quot;,&quot;size&quot;:&quot;&quot;,&quot;sizes&quot;:[]},&quot;_transform_scale_effect_hover_mobile&quot;:{&quot;unit&quot;:&quot;px&quot;,&quot;size&quot;:&quot;&quot;,&quot;sizes&quot;:[]}}\" data-widget_type=\"heading.default\">\n\t\t\t\t\t<h2 class=\"elementor-heading-title elementor-size-default\"><a href=\"https:\/\/thelineavocats.fr\/en\/droit-des-societes\/cession-dactifs-intra-groupe\/\">Intra-group asset transfers: secure and optimize your transactions<\/a><\/h2>\t\t\t\t<\/div>\n\t\t\t\t<\/div>\n\t\t\t\t<\/div>\n\t\t<div class=\"elementor-element elementor-element-48bde2c1 e-con-full e-flex e-con e-child\" data-id=\"48bde2c1\" data-element_type=\"container\">\n\t\t<div class=\"elementor-element elementor-element-45c2d99e e-con-full e-flex e-con e-child\" data-id=\"45c2d99e\" data-element_type=\"container\">\n\t\t\t\t<\/div>\n\t\t<div class=\"elementor-element elementor-element-1fc79667 e-con-full e-flex e-con e-child\" data-id=\"1fc79667\" data-element_type=\"container\">\n\t\t\t\t<div class=\"elementor-element elementor-element-25b491c4 e-transform elementor-widget elementor-widget-heading\" data-id=\"25b491c4\" data-element_type=\"widget\" data-settings=\"{&quot;_transform_scale_effect_hover&quot;:{&quot;unit&quot;:&quot;px&quot;,&quot;size&quot;:1.1,&quot;sizes&quot;:[]},&quot;_transform_scale_effect_hover_tablet&quot;:{&quot;unit&quot;:&quot;px&quot;,&quot;size&quot;:&quot;&quot;,&quot;sizes&quot;:[]},&quot;_transform_scale_effect_hover_mobile&quot;:{&quot;unit&quot;:&quot;px&quot;,&quot;size&quot;:&quot;&quot;,&quot;sizes&quot;:[]}}\" data-widget_type=\"heading.default\">\n\t\t\t\t\t<h2 class=\"elementor-heading-title elementor-size-default\"><a href=\"https:\/\/thelineavocats.fr\/en\/droit-des-societes\/structuration-groupe-societes\/\">GROUP CREATION, STRUCTURING OR RESTRUCTURING: BUILDING A STRATEGY AND OPTIMIZING YOUR BUSINESS\n<\/a><\/h2>\t\t\t\t<\/div>\n\t\t\t\t<\/div>\n\t\t\t\t<\/div>\n\t\t<div class=\"elementor-element elementor-element-765b4dab e-con-full e-flex e-con e-child\" data-id=\"765b4dab\" data-element_type=\"container\">\n\t\t<div class=\"elementor-element elementor-element-d98581a e-con-full e-flex e-con e-child\" data-id=\"d98581a\" data-element_type=\"container\">\n\t\t\t\t<\/div>\n\t\t<div class=\"elementor-element elementor-element-5887eaa1 e-con-full e-flex e-con e-child\" data-id=\"5887eaa1\" data-element_type=\"container\">\n\t\t\t\t<div class=\"elementor-element elementor-element-5608ae59 e-transform elementor-widget elementor-widget-heading\" data-id=\"5608ae59\" data-element_type=\"widget\" data-settings=\"{&quot;_transform_scale_effect_hover&quot;:{&quot;unit&quot;:&quot;px&quot;,&quot;size&quot;:1.1,&quot;sizes&quot;:[]},&quot;_transform_scale_effect_hover_tablet&quot;:{&quot;unit&quot;:&quot;px&quot;,&quot;size&quot;:&quot;&quot;,&quot;sizes&quot;:[]},&quot;_transform_scale_effect_hover_mobile&quot;:{&quot;unit&quot;:&quot;px&quot;,&quot;size&quot;:&quot;&quot;,&quot;sizes&quot;:[]}}\" data-widget_type=\"heading.default\">\n\t\t\t\t\t<h2 class=\"elementor-heading-title elementor-size-default\"><a href=\"https:\/\/thelineavocats.fr\/en\/droit-des-societes\/fusion-intra-groupe\/\">Intra-group merger: supporting simplification and growth<\/a><\/h2>\t\t\t\t<\/div>\n\t\t\t\t<\/div>\n\t\t\t\t<\/div>\n\t\t<div class=\"elementor-element elementor-element-41e7fbd e-con-full e-flex e-con e-child\" data-id=\"41e7fbd\" data-element_type=\"container\">\n\t\t<div class=\"elementor-element elementor-element-377b94b e-con-full e-flex e-con e-child\" data-id=\"377b94b\" data-element_type=\"container\">\n\t\t\t\t<\/div>\n\t\t<div class=\"elementor-element elementor-element-a29d76e e-con-full e-flex e-con e-child\" data-id=\"a29d76e\" data-element_type=\"container\">\n\t\t\t\t<div class=\"elementor-element elementor-element-80d9e14 e-transform elementor-widget elementor-widget-heading\" data-id=\"80d9e14\" data-element_type=\"widget\" data-settings=\"{&quot;_transform_scale_effect_hover&quot;:{&quot;unit&quot;:&quot;px&quot;,&quot;size&quot;:1.1,&quot;sizes&quot;:[]},&quot;_transform_scale_effect_hover_tablet&quot;:{&quot;unit&quot;:&quot;px&quot;,&quot;size&quot;:&quot;&quot;,&quot;sizes&quot;:[]},&quot;_transform_scale_effect_hover_mobile&quot;:{&quot;unit&quot;:&quot;px&quot;,&quot;size&quot;:&quot;&quot;,&quot;sizes&quot;:[]}}\" data-widget_type=\"heading.default\">\n\t\t\t\t\t<h2 class=\"elementor-heading-title elementor-size-default\"><a href=\"https:\/\/thelineavocats.fr\/en\/droit-des-societes\/apport-partiel-dactifs\/\">APPORT PARTIEL D\u2019ACTIF &amp; SCISSION : ORGANISER EFFICACEMENT VOS Activit\u00e9s<\/a><\/h2>\t\t\t\t<\/div>\n\t\t\t\t<\/div>\n\t\t\t\t<\/div>\n\t\t\t\t<div class=\"elementor-element elementor-element-e1ce8b2 font-fr elementor-align-left elementor-widget elementor-widget-button\" data-id=\"e1ce8b2\" data-element_type=\"widget\" data-widget_type=\"button.default\">\n\t\t\t\t\t\t\t\t\t\t<a class=\"elementor-button elementor-button-link elementor-size-sm\" href=\"https:\/\/thelineavocats.fr\/en\/#NousContacter\">\n\t\t\t\t\t\t<span class=\"elementor-button-content-wrapper\">\n\t\t\t\t\t\t\t\t\t<span class=\"elementor-button-text\">Contact us<\/span>\n\t\t\t\t\t<\/span>\n\t\t\t\t\t<\/a>\n\t\t\t\t\t\t\t\t<\/div>\n\t\t\t\t<\/div>\n\t\t\t\t<\/div>\n\t\t\t\t<\/div>\n\t\t\t\t<\/div>\n\t\t<div class=\"elementor-element elementor-element-6b99660d blogLanding e-flex e-con-boxed e-con e-parent\" data-id=\"6b99660d\" data-element_type=\"container\">\n\t\t\t\t\t<div class=\"e-con-inner\">\n\t\t<div class=\"elementor-element elementor-element-40693ff5 e-con-full e-flex e-con e-child\" data-id=\"40693ff5\" data-element_type=\"container\" data-settings=\"{&quot;background_background&quot;:&quot;classic&quot;}\">\n\t\t<div class=\"elementor-element elementor-element-222b09c1 e-con-full e-flex elementor-invisible e-con e-child\" data-id=\"222b09c1\" data-element_type=\"container\" data-settings=\"{&quot;animation&quot;:&quot;fadeInLeft&quot;}\">\n\t\t\t\t<div class=\"elementor-element elementor-element-c1d80c9 elementor-widget elementor-widget-heading\" data-id=\"c1d80c9\" data-element_type=\"widget\" data-widget_type=\"heading.default\">\n\t\t\t\t\t<h2 class=\"elementor-heading-title elementor-size-default\">Latest news<\/h2>\t\t\t\t<\/div>\n\t\t<div class=\"elementor-element elementor-element-73dddfe4 e-con-full e-flex e-con e-child\" data-id=\"73dddfe4\" data-element_type=\"container\" data-settings=\"{&quot;background_background&quot;:&quot;classic&quot;}\">\n\t\t\t\t<\/div>\n\t\t\t\t<\/div>\n\t\t\t\t<div class=\"elementor-element elementor-element-50d4968c elementor-pagination-type-bullets elementor-arrows-position-inside elementor-pagination-position-outside elementor-widget elementor-widget-loop-carousel\" data-id=\"50d4968c\" data-element_type=\"widget\" data-settings=\"{&quot;template_id&quot;:441,&quot;slides_to_show&quot;:&quot;1&quot;,&quot;_skin&quot;:&quot;post&quot;,&quot;slides_to_show_tablet&quot;:&quot;2&quot;,&quot;slides_to_show_mobile&quot;:&quot;1&quot;,&quot;slides_to_scroll&quot;:&quot;1&quot;,&quot;edit_handle_selector&quot;:&quot;.elementor-widget-container&quot;,&quot;autoplay&quot;:&quot;yes&quot;,&quot;autoplay_speed&quot;:5000,&quot;pause_on_hover&quot;:&quot;yes&quot;,&quot;pause_on_interaction&quot;:&quot;yes&quot;,&quot;infinite&quot;:&quot;yes&quot;,&quot;speed&quot;:500,&quot;offset_sides&quot;:&quot;none&quot;,&quot;arrows&quot;:&quot;yes&quot;,&quot;pagination&quot;:&quot;bullets&quot;,&quot;image_spacing_custom&quot;:{&quot;unit&quot;:&quot;px&quot;,&quot;size&quot;:10,&quot;sizes&quot;:[]},&quot;image_spacing_custom_tablet&quot;:{&quot;unit&quot;:&quot;px&quot;,&quot;size&quot;:&quot;&quot;,&quot;sizes&quot;:[]},&quot;image_spacing_custom_mobile&quot;:{&quot;unit&quot;:&quot;px&quot;,&quot;size&quot;:&quot;&quot;,&quot;sizes&quot;:[]}}\" data-widget_type=\"loop-carousel.post\">\n\t\t\t\t\t\t\t<div class=\"e-loop-nothing-found-message\">\n\t\t<\/div>\n\t\t\t\t\t\t<\/div>\n\t\t\t\t<div class=\"elementor-element elementor-element-2d10d78c elementor-align-justify elementor-widget elementor-widget-button\" data-id=\"2d10d78c\" data-element_type=\"widget\" data-widget_type=\"button.default\">\n\t\t\t\t\t\t\t\t\t\t<a class=\"elementor-button elementor-button-link elementor-size-sm\" href=\"https:\/\/thelineavocats.fr\/en\/articles\/category\/societes\/\">\n\t\t\t\t\t\t<span class=\"elementor-button-content-wrapper\">\n\t\t\t\t\t\t\t\t\t<span class=\"elementor-button-text\">See all articles on corporate law.<\/span>\n\t\t\t\t\t<\/span>\n\t\t\t\t\t<\/a>\n\t\t\t\t\t\t\t\t<\/div>\n\t\t\t\t<\/div>\n\t\t<div class=\"elementor-element elementor-element-2460141e e-con-full e-flex e-con e-child\" data-id=\"2460141e\" data-element_type=\"container\" data-settings=\"{&quot;background_background&quot;:&quot;classic&quot;}\">\n\t\t\t\t<\/div>\n\t\t\t\t\t<\/div>\n\t\t\t\t<\/div>\n\t\t\t\t<\/div>","protected":false},"excerpt":{"rendered":"<p>Cr\u00e9ation d&rsquo;activit\u00e9 en France, transfert de si\u00e8ge social, filiale ou succursale : The Line Avocats structure et s\u00e9curise votre implantation.<\/p>","protected":false},"author":6,"featured_media":1631,"parent":1133,"menu_order":0,"comment_status":"closed","ping_status":"closed","template":"","meta":{"footnotes":""},"class_list":["post-2403","page","type-page","status-publish","has-post-thumbnail","hentry"],"_links":{"self":[{"href":"https:\/\/thelineavocats.fr\/en\/wp-json\/wp\/v2\/pages\/2403","targetHints":{"allow":["GET"]}}],"collection":[{"href":"https:\/\/thelineavocats.fr\/en\/wp-json\/wp\/v2\/pages"}],"about":[{"href":"https:\/\/thelineavocats.fr\/en\/wp-json\/wp\/v2\/types\/page"}],"author":[{"embeddable":true,"href":"https:\/\/thelineavocats.fr\/en\/wp-json\/wp\/v2\/users\/6"}],"replies":[{"embeddable":true,"href":"https:\/\/thelineavocats.fr\/en\/wp-json\/wp\/v2\/comments?post=2403"}],"version-history":[{"count":14,"href":"https:\/\/thelineavocats.fr\/en\/wp-json\/wp\/v2\/pages\/2403\/revisions"}],"predecessor-version":[{"id":2560,"href":"https:\/\/thelineavocats.fr\/en\/wp-json\/wp\/v2\/pages\/2403\/revisions\/2560"}],"up":[{"embeddable":true,"href":"https:\/\/thelineavocats.fr\/en\/wp-json\/wp\/v2\/pages\/1133"}],"wp:featuredmedia":[{"embeddable":true,"href":"https:\/\/thelineavocats.fr\/en\/wp-json\/wp\/v2\/media\/1631"}],"wp:attachment":[{"href":"https:\/\/thelineavocats.fr\/en\/wp-json\/wp\/v2\/media?parent=2403"}],"curies":[{"name":"wp","href":"https:\/\/api.w.org\/{rel}","templated":true}]}}