{"id":2416,"date":"2026-04-09T11:26:56","date_gmt":"2026-04-09T09:26:56","guid":{"rendered":"https:\/\/thelineavocats.fr\/?page_id=2416"},"modified":"2026-04-17T13:09:36","modified_gmt":"2026-04-17T11:09:36","slug":"cession-dactifs-intra-groupe","status":"publish","type":"page","link":"https:\/\/thelineavocats.fr\/en\/droit-des-societes\/cession-dactifs-intra-groupe\/","title":{"rendered":"Intra-group asset transfers: secure and optimize your transactions"},"content":{"rendered":"<div data-elementor-type=\"wp-page\" data-elementor-id=\"2416\" class=\"elementor elementor-2416\" data-elementor-post-type=\"page\">\n\t\t\t\t<div class=\"elementor-element elementor-element-3c9d1fa sectionHeader e-flex e-con-boxed e-con e-parent\" data-id=\"3c9d1fa\" data-element_type=\"container\" data-settings=\"{&quot;background_background&quot;:&quot;classic&quot;}\">\n\t\t\t\t\t<div class=\"e-con-inner\">\n\t\t<div class=\"elementor-element elementor-element-5fb8b9d5 e-con-full e-flex e-con e-child\" data-id=\"5fb8b9d5\" data-element_type=\"container\" data-settings=\"{&quot;background_background&quot;:&quot;classic&quot;}\">\n\t\t<div class=\"elementor-element elementor-element-1ae99d8e e-con-full e-flex elementor-invisible e-con e-child\" data-id=\"1ae99d8e\" data-element_type=\"container\" data-settings=\"{&quot;animation&quot;:&quot;fadeInLeft&quot;}\">\n\t\t<div class=\"elementor-element elementor-element-e43bbc e-con-full elementor-hidden-mobile e-flex e-con e-child\" data-id=\"e43bbc\" data-element_type=\"container\" data-settings=\"{&quot;background_background&quot;:&quot;classic&quot;}\">\n\t\t\t\t<\/div>\n\t\t\t\t<div class=\"elementor-element elementor-element-7f5c2885 elementor-widget__width-initial elementor-widget elementor-widget-heading\" data-id=\"7f5c2885\" data-element_type=\"widget\" data-widget_type=\"heading.default\">\n\t\t\t\t\t<h1 class=\"elementor-heading-title elementor-size-default\">Intra-group asset transfers: secure and optimize your transactions<\/h1>\t\t\t\t<\/div>\n\t\t<div class=\"elementor-element elementor-element-e99fe43 e-con-full e-flex e-con e-child\" data-id=\"e99fe43\" data-element_type=\"container\" data-settings=\"{&quot;background_background&quot;:&quot;classic&quot;}\">\n\t\t\t\t<\/div>\n\t\t\t\t<\/div>\n\t\t\t\t<div class=\"elementor-element elementor-element-7d39e317 elementor-widget__width-initial elementor-widget elementor-widget-heading\" data-id=\"7d39e317\" data-element_type=\"widget\" data-widget_type=\"heading.default\">\n\t\t\t\t\t<h2 class=\"elementor-heading-title elementor-size-default\">Notre cabinet assiste ses clients dans la cession d\u2019actifs au sein d\u2019un m\u00eame groupe, incluant filiales, branches d\u2019activit\u00e9 ou unit\u00e9s op\u00e9rationnelles, afin de s\u00e9curiser juridiquement les transferts, optimiser les aspects fiscaux et contractuels, et assurer la conformit\u00e9 r\u00e9glementaire de l\u2019op\u00e9ration. <\/h2>\t\t\t\t<\/div>\n\t\t\t\t<div class=\"elementor-element elementor-element-cf7bf0d elementor-widget__width-initial elementor-widget elementor-widget-heading\" data-id=\"cf7bf0d\" data-element_type=\"widget\" data-widget_type=\"heading.default\">\n\t\t\t\t\t<h2 class=\"elementor-heading-title elementor-size-default\">Une approche m\u00e9thodique et coordonn\u00e9e permet de structurer les flux financiers, pr\u00e9venir les litiges et s\u00e9curiser les interactions entre les entit\u00e9s concern\u00e9es.<\/h2>\t\t\t\t<\/div>\n\t\t\t\t<div class=\"elementor-element elementor-element-efe7d6e font-fr elementor-align-center elementor-widget elementor-widget-button\" data-id=\"efe7d6e\" data-element_type=\"widget\" data-widget_type=\"button.default\">\n\t\t\t\t\t\t\t\t\t\t<a class=\"elementor-button elementor-button-link elementor-size-sm\" href=\"https:\/\/calendly.com\/d\/crvr-jmj-2wq\" target=\"_blank\" rel=\"noopener\">\n\t\t\t\t\t\t<span class=\"elementor-button-content-wrapper\">\n\t\t\t\t\t\t\t\t\t<span class=\"elementor-button-text\">Contact us<\/span>\n\t\t\t\t\t<\/span>\n\t\t\t\t\t<\/a>\n\t\t\t\t\t\t\t\t<\/div>\n\t\t\t\t<\/div>\n\t\t\t\t\t<\/div>\n\t\t\t\t<\/div>\n\t\t<div class=\"elementor-element elementor-element-6588765a e-con-full sectionProbSoluce e-flex e-con e-parent\" data-id=\"6588765a\" data-element_type=\"container\">\n\t\t<div class=\"elementor-element elementor-element-410f975 e-con-full e-flex e-con e-child\" data-id=\"410f975\" data-element_type=\"container\" data-settings=\"{&quot;background_background&quot;:&quot;classic&quot;}\">\n\t\t<div class=\"elementor-element elementor-element-b6b42fa e-flex e-con-boxed e-con e-child\" data-id=\"b6b42fa\" data-element_type=\"container\">\n\t\t\t\t\t<div class=\"e-con-inner\">\n\t\t<div class=\"elementor-element elementor-element-583611ad e-con-full e-flex elementor-invisible e-con e-child\" data-id=\"583611ad\" data-element_type=\"container\" data-settings=\"{&quot;animation&quot;:&quot;fadeInLeft&quot;}\">\n\t\t\t\t<div class=\"elementor-element elementor-element-5ccd3bd7 font-franklin  elementor-widget__width-initial elementor-widget elementor-widget-heading\" data-id=\"5ccd3bd7\" data-element_type=\"widget\" data-widget_type=\"heading.default\">\n\t\t\t\t\t<h2 class=\"elementor-heading-title elementor-size-default\"><span>nos domaines d'intervention<\/span> \n<\/h2>\t\t\t\t<\/div>\n\t\t<div class=\"elementor-element elementor-element-6ff16e9f e-con-full e-flex e-con e-child\" data-id=\"6ff16e9f\" data-element_type=\"container\" data-settings=\"{&quot;background_background&quot;:&quot;classic&quot;}\">\n\t\t<div class=\"elementor-element elementor-element-1c74764 e-con-full e-flex e-con e-child\" data-id=\"1c74764\" data-element_type=\"container\">\n\t\t\t\t<\/div>\n\t\t\t\t<\/div>\n\t\t\t\t<\/div>\n\t\t\t\t<div class=\"elementor-element elementor-element-1b5e218 elementor-widget elementor-widget-text-editor\" data-id=\"1b5e218\" data-element_type=\"widget\" data-widget_type=\"text-editor.default\">\n\t\t\t\t\t\t\t\t\t<h3><b>1- Analyse juridique et fiscale pr\u00e9alable<\/b><\/h3>\n<p><span style=\"font-weight: 400;\">Avant toute cession intra-groupe, notre cabinet accompagne ses clients pour analyser les enjeux juridiques et fiscaux li\u00e9s \u00e0 l\u2019op\u00e9ration :<\/span><\/p>\n<ul>\n<li style=\"font-weight: 400;\" aria-level=\"1\"><span style=\"font-weight: 400;\">Analyse des actifs concern\u00e9s et des modalit\u00e9s de transferts\u00a0;<\/span><\/li>\n<li style=\"font-weight: 400;\" aria-level=\"1\"><span style=\"font-weight: 400;\">Analyse des obligations contractuelles existantes et des droits des tiers\u00a0;<\/span><\/li>\n<li style=\"font-weight: 400;\" aria-level=\"1\"><span style=\"font-weight: 400;\">V\u00e9rification de la conformit\u00e9 aux r\u00e8gles applicables aux transferts intra-groupe\u00a0;<\/span><\/li>\n<li style=\"font-weight: 400;\" aria-level=\"1\"><span style=\"font-weight: 400;\">\u00c9tude des impacts fiscaux et sociaux de la cession.<\/span><\/li>\n<\/ul>\n<p>\u00a0<\/p>\n<p><span style=\"font-weight: 400;\">Cette phase permet de structurer l\u2019op\u00e9ration en toute s\u00e9curit\u00e9 et de r\u00e9duire les risques de contentieux ou de redressement fiscal.<\/span><\/p>\n<h3><b>2- Structuration de l\u2019op\u00e9ration<\/b><\/h3>\n<p><span style=\"font-weight: 400;\">Le cabinet assiste ses clients dans la d\u00e9finition et la mise en \u0153uvre de la meilleure structuration juridique et fiscale pour la cession :<\/span><\/p>\n<ul>\n<li style=\"font-weight: 400;\" aria-level=\"1\"><span style=\"font-weight: 400;\">D\u00e9finition des modalit\u00e9s de transfert des actifs\u00a0et structuration juridique ;<\/span><\/li>\n<li style=\"font-weight: 400;\" aria-level=\"1\"><span style=\"font-weight: 400;\">D\u00e9termination des modalit\u00e9s de transfert des contrats, licences et autorisations\u00a0;<\/span><\/li>\n<li style=\"font-weight: 400;\" aria-level=\"1\"><span style=\"font-weight: 400;\">Encadrement des obligations de <\/span><i><span style=\"font-weight: 400;\">reporting<\/span><\/i><span style=\"font-weight: 400;\"> interne et des flux financiers\u00a0;<\/span><\/li>\n<li style=\"font-weight: 400;\" aria-level=\"1\"><span style=\"font-weight: 400;\">Mise en place de m\u00e9canismes de garanties, le cas \u00e9ch\u00e9ant.<\/span><\/li>\n<\/ul>\n<p>\u00a0<\/p>\n<p><span style=\"font-weight: 400;\">Cette approche garantit la s\u00e9curisation juridique et fiscale de l\u2019op\u00e9ration, en conformit\u00e9 avec les bonnes pratiques du droit des soci\u00e9t\u00e9s et de la fiscalit\u00e9 intra-groupe, tout en structurant efficacement les transferts d\u2019actifs et de passifs et en anticipant les risques op\u00e9rationnels et r\u00e9glementaires.<\/span><\/p>\n<h3><b>3- Accompagnement contractuel<\/b><\/h3>\n<p><span style=\"font-weight: 400;\">Nous intervenons dans la r\u00e9daction et la n\u00e9gociation de l\u2019ensemble des documents juridiques et contractuels requis, comprenant les contrats de cession d\u2019actifs ou d\u2019apports partiels d\u2019actif, les clauses de transfert de contrats et autorisations, ainsi que l\u2019encadrement des garanties et responsabilit\u00e9s post-transfert, afin d\u2019assurer la s\u00e9curit\u00e9 juridique et la conformit\u00e9 de l\u2019op\u00e9ration.<\/span><\/p>\n<h3><b>4- S\u00e9curisation et conformit\u00e9<\/b><\/h3>\n<p><span style=\"font-weight: 400;\">Le cabinet veille \u00e0 ce que chaque op\u00e9ration respecte :<\/span><\/p>\n<ul>\n<li style=\"font-weight: 400;\" aria-level=\"1\"><span style=\"font-weight: 400;\">Les r\u00e8gles de gouvernance interne du groupe\u00a0;<\/span><\/li>\n<li style=\"font-weight: 400;\" aria-level=\"1\"><span style=\"font-weight: 400;\">Les obligations fiscales et sociales li\u00e9es aux transferts d\u2019actifs\u00a0;<\/span><\/li>\n<li style=\"font-weight: 400;\" aria-level=\"1\"><span style=\"font-weight: 400;\">Les contraintes r\u00e9glementaires applicables aux activit\u00e9s transf\u00e9r\u00e9es\u00a0;<\/span><\/li>\n<li style=\"font-weight: 400;\" aria-level=\"1\"><span style=\"font-weight: 400;\">Les bonnes pratiques de documentation et de suivi des op\u00e9rations intra-groupe.<\/span><\/li>\n<\/ul>\n<p>\u00a0<\/p>\n<p><span style=\"font-weight: 400;\">Cette d\u00e9marche permet de s\u00e9curiser juridiquement et op\u00e9rationnellement les transferts, tout en anticipant et en encadrant les probl\u00e9matiques potentielles pouvant survenir ult\u00e9rieurement, qu\u2019elles soient d\u2019ordre juridique, fiscal ou op\u00e9rationnel.<\/span><\/p>\t\t\t\t\t\t\t\t<\/div>\n\t\t\t\t<div class=\"elementor-element elementor-element-490f3e1 elementor-widget elementor-widget-spacer\" data-id=\"490f3e1\" data-element_type=\"widget\" data-widget_type=\"spacer.default\">\n\t\t\t\t\t\t\t<div class=\"elementor-spacer\">\n\t\t\t<div class=\"elementor-spacer-inner\"><\/div>\n\t\t<\/div>\n\t\t\t\t\t\t<\/div>\n\t\t\t\t\t<\/div>\n\t\t\t\t<\/div>\n\t\t\t\t<\/div>\n\t\t\t\t<\/div>\n\t\t<div class=\"elementor-element elementor-element-28024a6 e-flex e-con-boxed e-con e-parent\" data-id=\"28024a6\" data-element_type=\"container\" data-settings=\"{&quot;background_background&quot;:&quot;classic&quot;}\">\n\t\t\t\t\t<div class=\"e-con-inner\">\n\t\t\t\t<div class=\"elementor-element elementor-element-6be5975 elementor-widget-divider--view-line elementor-widget elementor-widget-divider\" data-id=\"6be5975\" data-element_type=\"widget\" data-widget_type=\"divider.default\">\n\t\t\t\t\t\t\t<div class=\"elementor-divider\">\n\t\t\t<span class=\"elementor-divider-separator\">\n\t\t\t\t\t\t<\/span>\n\t\t<\/div>\n\t\t\t\t\t\t<\/div>\n\t\t<div class=\"elementor-element elementor-element-a786db9 e-con-full e-flex elementor-invisible e-con e-child\" data-id=\"a786db9\" data-element_type=\"container\" data-settings=\"{&quot;animation&quot;:&quot;fadeInLeft&quot;}\">\n\t\t\t\t<div class=\"elementor-element elementor-element-c369e30 font-franklin  elementor-widget__width-initial elementor-widget elementor-widget-heading\" data-id=\"c369e30\" data-element_type=\"widget\" data-widget_type=\"heading.default\">\n\t\t\t\t\t<h2 class=\"elementor-heading-title elementor-size-default\"><span>Notre approche<\/span> \n<\/h2>\t\t\t\t<\/div>\n\t\t<div class=\"elementor-element elementor-element-aa401cd e-con-full e-flex e-con e-child\" data-id=\"aa401cd\" data-element_type=\"container\" data-settings=\"{&quot;background_background&quot;:&quot;classic&quot;}\">\n\t\t\t\t<\/div>\n\t\t\t\t<\/div>\n\t\t\t\t<div class=\"elementor-element elementor-element-e7569a5 elementor-widget-divider--view-line elementor-widget elementor-widget-divider\" data-id=\"e7569a5\" data-element_type=\"widget\" data-widget_type=\"divider.default\">\n\t\t\t\t\t\t\t<div class=\"elementor-divider\">\n\t\t\t<span class=\"elementor-divider-separator\">\n\t\t\t\t\t\t<\/span>\n\t\t<\/div>\n\t\t\t\t\t\t<\/div>\n\t\t\t\t<div class=\"elementor-element elementor-element-8f76d66 elementor-widget elementor-widget-image\" data-id=\"8f76d66\" data-element_type=\"widget\" data-widget_type=\"image.default\">\n\t\t\t\t\t\t\t\t\t\t\t\t\t\t\t<img decoding=\"async\" width=\"556\" height=\"2\" src=\"https:\/\/thelineavocats.fr\/wp-content\/uploads\/2025\/02\/cavinet-line.png\" class=\"attachment-large size-large wp-image-134\" alt=\"LIne\" srcset=\"https:\/\/thelineavocats.fr\/wp-content\/uploads\/2025\/02\/cavinet-line.png 556w, https:\/\/thelineavocats.fr\/wp-content\/uploads\/2025\/02\/cavinet-line-300x1.png 300w, https:\/\/thelineavocats.fr\/wp-content\/uploads\/2025\/02\/cavinet-line-150x2.png 150w, https:\/\/thelineavocats.fr\/wp-content\/uploads\/2025\/02\/cavinet-line-18x1.png 18w\" sizes=\"(max-width: 556px) 100vw, 556px\" \/>\t\t\t\t\t\t\t\t\t\t\t\t\t\t\t<\/div>\n\t\t\t\t<div class=\"elementor-element elementor-element-5ec59da5 font-avenir elementor-widget elementor-widget-text-editor\" data-id=\"5ec59da5\" data-element_type=\"widget\" data-widget_type=\"text-editor.default\">\n\t\t\t\t\t\t\t\t\t<p><span style=\"font-weight: 400;\">Notre cabinet accompagne ses clients en vue de :<\/span><\/p>\n<ul>\n<li style=\"font-weight: 400;\" aria-level=\"1\"><b>S\u00e9curiser juridiquement et fiscalement<\/b><span style=\"font-weight: 400;\"> les cessions d\u2019actifs intra-groupe\u00a0;<\/span><\/li>\n<li style=\"font-weight: 400;\" aria-level=\"1\"><b>Structurer les transferts<\/b><span style=\"font-weight: 400;\"> selon les contraintes r\u00e9glementaires et op\u00e9rationnelles\u00a0;<\/span><\/li>\n<li style=\"font-weight: 400;\" aria-level=\"1\"><b>Pr\u00e9venir les litiges<\/b><span style=\"font-weight: 400;\"> et assurer la conformit\u00e9 aux obligations internes et externes.<\/span><\/li>\n<\/ul>\n<p>\u00a0<\/p>\n<p><span style=\"font-weight: 400;\">Cette assistance globale permet d\u2019assurer la s\u00e9curit\u00e9 juridique et op\u00e9rationnelle de chaque transfert intra-groupe, en encadrant les transferts d\u2019actifs et de passifs, en structurant les flux financiers, et en anticipant les risques juridiques, fiscaux et op\u00e9rationnels associ\u00e9s \u00e0 ces op\u00e9rations.<\/span><\/p>\t\t\t\t\t\t\t\t<\/div>\n\t\t\t\t<div class=\"elementor-element elementor-element-fb502df elementor-widget-divider--view-line elementor-widget elementor-widget-divider\" data-id=\"fb502df\" data-element_type=\"widget\" data-widget_type=\"divider.default\">\n\t\t\t\t\t\t\t<div class=\"elementor-divider\">\n\t\t\t<span class=\"elementor-divider-separator\">\n\t\t\t\t\t\t<\/span>\n\t\t<\/div>\n\t\t\t\t\t\t<\/div>\n\t\t\t\t\t<\/div>\n\t\t\t\t<\/div>\n\t\t<div class=\"elementor-element elementor-element-7c55e60d e-con-full sectionNosServices e-flex e-con e-parent\" data-id=\"7c55e60d\" data-element_type=\"container\" data-settings=\"{&quot;background_background&quot;:&quot;classic&quot;}\">\n\t\t<div class=\"elementor-element elementor-element-d75784b e-con-full e-flex e-con e-child\" data-id=\"d75784b\" data-element_type=\"container\">\n\t\t<div class=\"elementor-element elementor-element-3a206169 e-con-full e-flex e-con e-child\" data-id=\"3a206169\" data-element_type=\"container\" data-settings=\"{&quot;background_background&quot;:&quot;classic&quot;}\">\n\t\t<div class=\"elementor-element elementor-element-4e9b104 e-con-full e-flex e-con e-child\" data-id=\"4e9b104\" data-element_type=\"container\">\n\t\t<div class=\"elementor-element elementor-element-50637fdf e-con-full e-flex elementor-invisible e-con e-child\" data-id=\"50637fdf\" data-element_type=\"container\" data-settings=\"{&quot;animation&quot;:&quot;fadeInLeft&quot;}\">\n\t\t<div class=\"elementor-element elementor-element-360203f e-con-full e-flex elementor-invisible e-con e-child\" data-id=\"360203f\" data-element_type=\"container\" data-settings=\"{&quot;animation&quot;:&quot;fadeInLeft&quot;}\">\n\t\t\t\t<div class=\"elementor-element elementor-element-2e968c18 font-franklin  elementor-widget__width-auto elementor-widget elementor-widget-heading\" data-id=\"2e968c18\" data-element_type=\"widget\" data-widget_type=\"heading.default\">\n\t\t\t\t\t<h2 class=\"elementor-heading-title elementor-size-default\">Nos autres services<br>en droit des soci\u00e9t\u00e9s<\/h2>\t\t\t\t<\/div>\n\t\t<div class=\"elementor-element elementor-element-541d8eee e-con-full e-flex e-con e-child\" data-id=\"541d8eee\" data-element_type=\"container\" data-settings=\"{&quot;background_background&quot;:&quot;classic&quot;}\">\n\t\t\t\t<\/div>\n\t\t\t\t<\/div>\n\t\t\t\t<\/div>\n\t\t<div class=\"elementor-element elementor-element-3a3733a4 e-con-full e-flex e-con e-child\" data-id=\"3a3733a4\" data-element_type=\"container\">\n\t\t<div class=\"elementor-element elementor-element-6c2818a3 e-con-full e-flex e-con e-child\" data-id=\"6c2818a3\" data-element_type=\"container\">\n\t\t\t\t<\/div>\n\t\t<div class=\"elementor-element elementor-element-2f6fa6b8 e-con-full e-flex e-con e-child\" data-id=\"2f6fa6b8\" data-element_type=\"container\">\n\t\t\t\t<div class=\"elementor-element elementor-element-7474664e e-transform elementor-widget elementor-widget-heading\" data-id=\"7474664e\" data-element_type=\"widget\" data-settings=\"{&quot;_transform_scale_effect_hover&quot;:{&quot;unit&quot;:&quot;px&quot;,&quot;size&quot;:1.1,&quot;sizes&quot;:[]},&quot;_transform_scale_effect_hover_tablet&quot;:{&quot;unit&quot;:&quot;px&quot;,&quot;size&quot;:&quot;&quot;,&quot;sizes&quot;:[]},&quot;_transform_scale_effect_hover_mobile&quot;:{&quot;unit&quot;:&quot;px&quot;,&quot;size&quot;:&quot;&quot;,&quot;sizes&quot;:[]}}\" data-widget_type=\"heading.default\">\n\t\t\t\t\t<h2 class=\"elementor-heading-title elementor-size-default\"><a href=\"https:\/\/thelineavocats.fr\/en\/droit-des-societes\/assistance-juridique-france\/\">Legal assistance for setting up a business in France, transferring registered offices, creating subsidiaries and secondary establishments<\/a><\/h2>\t\t\t\t<\/div>\n\t\t\t\t<\/div>\n\t\t\t\t<\/div>\n\t\t<div class=\"elementor-element elementor-element-48bde2c1 e-con-full e-flex e-con e-child\" data-id=\"48bde2c1\" data-element_type=\"container\">\n\t\t<div class=\"elementor-element elementor-element-45c2d99e e-con-full e-flex e-con e-child\" data-id=\"45c2d99e\" data-element_type=\"container\">\n\t\t\t\t<\/div>\n\t\t<div class=\"elementor-element elementor-element-1fc79667 e-con-full e-flex e-con e-child\" data-id=\"1fc79667\" data-element_type=\"container\">\n\t\t\t\t<div class=\"elementor-element elementor-element-25b491c4 e-transform elementor-widget elementor-widget-heading\" data-id=\"25b491c4\" data-element_type=\"widget\" data-settings=\"{&quot;_transform_scale_effect_hover&quot;:{&quot;unit&quot;:&quot;px&quot;,&quot;size&quot;:1.1,&quot;sizes&quot;:[]},&quot;_transform_scale_effect_hover_tablet&quot;:{&quot;unit&quot;:&quot;px&quot;,&quot;size&quot;:&quot;&quot;,&quot;sizes&quot;:[]},&quot;_transform_scale_effect_hover_mobile&quot;:{&quot;unit&quot;:&quot;px&quot;,&quot;size&quot;:&quot;&quot;,&quot;sizes&quot;:[]}}\" data-widget_type=\"heading.default\">\n\t\t\t\t\t<h2 class=\"elementor-heading-title elementor-size-default\"><a href=\"https:\/\/thelineavocats.fr\/en\/droit-des-societes\/structuration-groupe-societes\/\">GROUP CREATION, STRUCTURING OR RESTRUCTURING: BUILDING A STRATEGY AND OPTIMIZING YOUR BUSINESS\n<\/a><\/h2>\t\t\t\t<\/div>\n\t\t\t\t<\/div>\n\t\t\t\t<\/div>\n\t\t<div class=\"elementor-element elementor-element-765b4dab e-con-full e-flex e-con e-child\" data-id=\"765b4dab\" data-element_type=\"container\">\n\t\t<div class=\"elementor-element elementor-element-d98581a e-con-full e-flex e-con e-child\" data-id=\"d98581a\" data-element_type=\"container\">\n\t\t\t\t<\/div>\n\t\t<div class=\"elementor-element elementor-element-5887eaa1 e-con-full e-flex e-con e-child\" data-id=\"5887eaa1\" data-element_type=\"container\">\n\t\t\t\t<div class=\"elementor-element elementor-element-5608ae59 e-transform elementor-widget elementor-widget-heading\" data-id=\"5608ae59\" data-element_type=\"widget\" data-settings=\"{&quot;_transform_scale_effect_hover&quot;:{&quot;unit&quot;:&quot;px&quot;,&quot;size&quot;:1.1,&quot;sizes&quot;:[]},&quot;_transform_scale_effect_hover_tablet&quot;:{&quot;unit&quot;:&quot;px&quot;,&quot;size&quot;:&quot;&quot;,&quot;sizes&quot;:[]},&quot;_transform_scale_effect_hover_mobile&quot;:{&quot;unit&quot;:&quot;px&quot;,&quot;size&quot;:&quot;&quot;,&quot;sizes&quot;:[]}}\" data-widget_type=\"heading.default\">\n\t\t\t\t\t<h2 class=\"elementor-heading-title elementor-size-default\"><a href=\"https:\/\/thelineavocats.fr\/en\/droit-des-societes\/fusion-intra-groupe\/\">Intra-group merger: supporting simplification and growth<\/a><\/h2>\t\t\t\t<\/div>\n\t\t\t\t<\/div>\n\t\t\t\t<\/div>\n\t\t<div class=\"elementor-element elementor-element-41e7fbd e-con-full e-flex e-con e-child\" data-id=\"41e7fbd\" data-element_type=\"container\">\n\t\t<div class=\"elementor-element elementor-element-377b94b e-con-full e-flex e-con e-child\" data-id=\"377b94b\" data-element_type=\"container\">\n\t\t\t\t<\/div>\n\t\t<div class=\"elementor-element elementor-element-a29d76e e-con-full e-flex e-con e-child\" data-id=\"a29d76e\" data-element_type=\"container\">\n\t\t\t\t<div class=\"elementor-element elementor-element-80d9e14 e-transform elementor-widget elementor-widget-heading\" data-id=\"80d9e14\" data-element_type=\"widget\" data-settings=\"{&quot;_transform_scale_effect_hover&quot;:{&quot;unit&quot;:&quot;px&quot;,&quot;size&quot;:1.1,&quot;sizes&quot;:[]},&quot;_transform_scale_effect_hover_tablet&quot;:{&quot;unit&quot;:&quot;px&quot;,&quot;size&quot;:&quot;&quot;,&quot;sizes&quot;:[]},&quot;_transform_scale_effect_hover_mobile&quot;:{&quot;unit&quot;:&quot;px&quot;,&quot;size&quot;:&quot;&quot;,&quot;sizes&quot;:[]}}\" data-widget_type=\"heading.default\">\n\t\t\t\t\t<h2 class=\"elementor-heading-title elementor-size-default\"><a href=\"https:\/\/thelineavocats.fr\/en\/droit-des-societes\/apport-partiel-dactifs\/\">APPORT PARTIEL D\u2019ACTIF &amp; SCISSION : ORGANISER EFFICACEMENT VOS Activit\u00e9s<\/a><\/h2>\t\t\t\t<\/div>\n\t\t\t\t<\/div>\n\t\t\t\t<\/div>\n\t\t\t\t<div class=\"elementor-element elementor-element-e1ce8b2 font-fr elementor-align-left elementor-widget elementor-widget-button\" data-id=\"e1ce8b2\" data-element_type=\"widget\" data-widget_type=\"button.default\">\n\t\t\t\t\t\t\t\t\t\t<a class=\"elementor-button elementor-button-link elementor-size-sm\" href=\"https:\/\/thelineavocats.fr\/en\/#NousContacter\">\n\t\t\t\t\t\t<span class=\"elementor-button-content-wrapper\">\n\t\t\t\t\t\t\t\t\t<span class=\"elementor-button-text\">Contact us<\/span>\n\t\t\t\t\t<\/span>\n\t\t\t\t\t<\/a>\n\t\t\t\t\t\t\t\t<\/div>\n\t\t\t\t<\/div>\n\t\t\t\t<\/div>\n\t\t\t\t<\/div>\n\t\t\t\t<\/div>\n\t\t<div class=\"elementor-element elementor-element-6b99660d blogLanding e-flex e-con-boxed e-con e-parent\" data-id=\"6b99660d\" data-element_type=\"container\">\n\t\t\t\t\t<div class=\"e-con-inner\">\n\t\t<div class=\"elementor-element elementor-element-40693ff5 e-con-full e-flex e-con e-child\" data-id=\"40693ff5\" data-element_type=\"container\" data-settings=\"{&quot;background_background&quot;:&quot;classic&quot;}\">\n\t\t<div class=\"elementor-element elementor-element-222b09c1 e-con-full e-flex elementor-invisible e-con e-child\" data-id=\"222b09c1\" data-element_type=\"container\" data-settings=\"{&quot;animation&quot;:&quot;fadeInLeft&quot;}\">\n\t\t\t\t<div class=\"elementor-element elementor-element-c1d80c9 elementor-widget elementor-widget-heading\" data-id=\"c1d80c9\" data-element_type=\"widget\" data-widget_type=\"heading.default\">\n\t\t\t\t\t<h2 class=\"elementor-heading-title elementor-size-default\">Latest news<\/h2>\t\t\t\t<\/div>\n\t\t<div class=\"elementor-element elementor-element-73dddfe4 e-con-full e-flex e-con e-child\" data-id=\"73dddfe4\" data-element_type=\"container\" data-settings=\"{&quot;background_background&quot;:&quot;classic&quot;}\">\n\t\t\t\t<\/div>\n\t\t\t\t<\/div>\n\t\t\t\t<div class=\"elementor-element elementor-element-50d4968c elementor-pagination-type-bullets elementor-arrows-position-inside elementor-pagination-position-outside elementor-widget elementor-widget-loop-carousel\" data-id=\"50d4968c\" data-element_type=\"widget\" data-settings=\"{&quot;template_id&quot;:441,&quot;slides_to_show&quot;:&quot;1&quot;,&quot;_skin&quot;:&quot;post&quot;,&quot;slides_to_show_tablet&quot;:&quot;2&quot;,&quot;slides_to_show_mobile&quot;:&quot;1&quot;,&quot;slides_to_scroll&quot;:&quot;1&quot;,&quot;edit_handle_selector&quot;:&quot;.elementor-widget-container&quot;,&quot;autoplay&quot;:&quot;yes&quot;,&quot;autoplay_speed&quot;:5000,&quot;pause_on_hover&quot;:&quot;yes&quot;,&quot;pause_on_interaction&quot;:&quot;yes&quot;,&quot;infinite&quot;:&quot;yes&quot;,&quot;speed&quot;:500,&quot;offset_sides&quot;:&quot;none&quot;,&quot;arrows&quot;:&quot;yes&quot;,&quot;pagination&quot;:&quot;bullets&quot;,&quot;image_spacing_custom&quot;:{&quot;unit&quot;:&quot;px&quot;,&quot;size&quot;:10,&quot;sizes&quot;:[]},&quot;image_spacing_custom_tablet&quot;:{&quot;unit&quot;:&quot;px&quot;,&quot;size&quot;:&quot;&quot;,&quot;sizes&quot;:[]},&quot;image_spacing_custom_mobile&quot;:{&quot;unit&quot;:&quot;px&quot;,&quot;size&quot;:&quot;&quot;,&quot;sizes&quot;:[]}}\" data-widget_type=\"loop-carousel.post\">\n\t\t\t\t\t\t\t<div class=\"e-loop-nothing-found-message\">\n\t\t<\/div>\n\t\t\t\t\t\t<\/div>\n\t\t\t\t<div class=\"elementor-element elementor-element-2d10d78c elementor-align-justify elementor-widget elementor-widget-button\" data-id=\"2d10d78c\" data-element_type=\"widget\" data-widget_type=\"button.default\">\n\t\t\t\t\t\t\t\t\t\t<a class=\"elementor-button elementor-button-link elementor-size-sm\" href=\"https:\/\/thelineavocats.fr\/en\/articles\/category\/societes\/\">\n\t\t\t\t\t\t<span class=\"elementor-button-content-wrapper\">\n\t\t\t\t\t\t\t\t\t<span class=\"elementor-button-text\">See all articles on corporate law.<\/span>\n\t\t\t\t\t<\/span>\n\t\t\t\t\t<\/a>\n\t\t\t\t\t\t\t\t<\/div>\n\t\t\t\t<\/div>\n\t\t<div class=\"elementor-element elementor-element-2460141e e-con-full e-flex e-con e-child\" data-id=\"2460141e\" data-element_type=\"container\" data-settings=\"{&quot;background_background&quot;:&quot;classic&quot;}\">\n\t\t\t\t<\/div>\n\t\t\t\t\t<\/div>\n\t\t\t\t<\/div>\n\t\t\t\t<\/div>","protected":false},"excerpt":{"rendered":"<p>Cession d&rsquo;actifs intra-groupe : The Line Avocats s\u00e9curise et optimise vos transferts d&rsquo;actifs entre entit\u00e9s. Accompagnement juridique et fiscal sur-mesure pour groupes de soci\u00e9t\u00e9s.<\/p>","protected":false},"author":6,"featured_media":1631,"parent":1133,"menu_order":0,"comment_status":"closed","ping_status":"closed","template":"","meta":{"footnotes":""},"class_list":["post-2416","page","type-page","status-publish","has-post-thumbnail","hentry"],"_links":{"self":[{"href":"https:\/\/thelineavocats.fr\/en\/wp-json\/wp\/v2\/pages\/2416","targetHints":{"allow":["GET"]}}],"collection":[{"href":"https:\/\/thelineavocats.fr\/en\/wp-json\/wp\/v2\/pages"}],"about":[{"href":"https:\/\/thelineavocats.fr\/en\/wp-json\/wp\/v2\/types\/page"}],"author":[{"embeddable":true,"href":"https:\/\/thelineavocats.fr\/en\/wp-json\/wp\/v2\/users\/6"}],"replies":[{"embeddable":true,"href":"https:\/\/thelineavocats.fr\/en\/wp-json\/wp\/v2\/comments?post=2416"}],"version-history":[{"count":11,"href":"https:\/\/thelineavocats.fr\/en\/wp-json\/wp\/v2\/pages\/2416\/revisions"}],"predecessor-version":[{"id":2557,"href":"https:\/\/thelineavocats.fr\/en\/wp-json\/wp\/v2\/pages\/2416\/revisions\/2557"}],"up":[{"embeddable":true,"href":"https:\/\/thelineavocats.fr\/en\/wp-json\/wp\/v2\/pages\/1133"}],"wp:featuredmedia":[{"embeddable":true,"href":"https:\/\/thelineavocats.fr\/en\/wp-json\/wp\/v2\/media\/1631"}],"wp:attachment":[{"href":"https:\/\/thelineavocats.fr\/en\/wp-json\/wp\/v2\/media?parent=2416"}],"curies":[{"name":"wp","href":"https:\/\/api.w.org\/{rel}","templated":true}]}}